{"id":20,"date":"2019-05-29T12:17:27","date_gmt":"2019-05-29T12:17:27","guid":{"rendered":"https:\/\/sacrecoeurvercel.com\/?page_id=20"},"modified":"2023-12-14T10:26:35","modified_gmt":"2023-12-14T10:26:35","slug":"restaurant-scolaire","status":"publish","type":"page","link":"https:\/\/www.sacrecoeurvercel.com\/index.php\/restaurant-scolaire\/","title":{"rendered":"Restaurant Scolaire"},"content":{"rendered":"\n<p>Depuis la rentr\u00e9e 2023, le groupe scolaire du Sacre Coeur a r\u00e9organis\u00e9 la salle de restauration avec un self adapt\u00e9 aux petits comme aux grands. Les \u00e9l\u00e8ves peuvent choisir leur menu en toute tranquillit\u00e9. Le service du plat chaud est le point central o\u00f9 les \u00e9l\u00e8ves sont servis \u00e0 l\u2019assiette selon leurs go\u00fbts et leur app\u00e9tit. Tout le monde est ravi !<\/p>\n\n\n\n<p>La confection des repas reste traditionnelle et jour apr\u00e8s jour notre \u00e9quipe de cuisine concocte des menus \u00e9quilibr\u00e9s et vari\u00e9s pour le plus grand plaisir des petits et des grands. Cette \u00e9quipe est \u00e9galement aid\u00e9e par une commission restauration compos\u00e9e d&rsquo;\u00e9l\u00e8ves de tous niveaux.<\/p>\n\n\n\n<figure class=\"wp-block-image size-full\"><a href=\"https:\/\/www.sacrecoeurvercel.com\/wp-content\/uploads\/2023\/12\/Capture-decran-2023-12-11-234910.png\"><img decoding=\"async\" loading=\"lazy\" width=\"745\" height=\"510\" src=\"https:\/\/www.sacrecoeurvercel.com\/wp-content\/uploads\/2023\/12\/Capture-decran-2023-12-11-234910.png\" alt=\"\" class=\"wp-image-3273\" srcset=\"https:\/\/www.sacrecoeurvercel.com\/wp-content\/uploads\/2023\/12\/Capture-decran-2023-12-11-234910.png 745w, https:\/\/www.sacrecoeurvercel.com\/wp-content\/uploads\/2023\/12\/Capture-decran-2023-12-11-234910-300x205.png 300w, https:\/\/www.sacrecoeurvercel.com\/wp-content\/uploads\/2023\/12\/Capture-decran-2023-12-11-234910-474x324.png 474w\" sizes=\"(max-width: 745px) 100vw, 745px\" \/><\/a><\/figure>\n","protected":false},"excerpt":{"rendered":"<p>Depuis la rentr\u00e9e 2023, le groupe scolaire du Sacre Coeur a r\u00e9organis\u00e9 la salle de restauration avec un self adapt\u00e9 aux petits comme aux grands. Les \u00e9l\u00e8ves peuvent choisir leur menu en toute tranquillit\u00e9. Le&#8230;<\/p>\n","protected":false},"author":2,"featured_media":0,"parent":0,"menu_order":0,"comment_status":"closed","ping_status":"closed","template":"","meta":[],"_links":{"self":[{"href":"https:\/\/www.sacrecoeurvercel.com\/index.php\/wp-json\/wp\/v2\/pages\/20"}],"collection":[{"href":"https:\/\/www.sacrecoeurvercel.com\/index.php\/wp-json\/wp\/v2\/pages"}],"about":[{"href":"https:\/\/www.sacrecoeurvercel.com\/index.php\/wp-json\/wp\/v2\/types\/page"}],"author":[{"embeddable":true,"href":"https:\/\/www.sacrecoeurvercel.com\/index.php\/wp-json\/wp\/v2\/users\/2"}],"replies":[{"embeddable":true,"href":"https:\/\/www.sacrecoeurvercel.com\/index.php\/wp-json\/wp\/v2\/comments?post=20"}],"version-history":[{"count":6,"href":"https:\/\/www.sacrecoeurvercel.com\/index.php\/wp-json\/wp\/v2\/pages\/20\/revisions"}],"predecessor-version":[{"id":3467,"href":"https:\/\/www.sacrecoeurvercel.com\/index.php\/wp-json\/wp\/v2\/pages\/20\/revisions\/3467"}],"wp:attachment":[{"href":"https:\/\/www.sacrecoeurvercel.com\/index.php\/wp-json\/wp\/v2\/media?parent=20"}],"curies":[{"name":"wp","href":"https:\/\/api.w.org\/{rel}","templated":true}]}}