{"id":23,"date":"2019-05-29T12:16:52","date_gmt":"2019-05-29T12:16:52","guid":{"rendered":"https:\/\/sacrecoeurvercel.com\/?page_id=23"},"modified":"2023-01-09T15:03:59","modified_gmt":"2023-01-09T15:03:59","slug":"a-p-e-l","status":"publish","type":"page","link":"https:\/\/www.sacrecoeurvercel.com\/index.php\/a-p-e-l\/","title":{"rendered":"A.P.E.L"},"content":{"rendered":"\n<p>L\u2019 APEL c\u2019est l\u2019Association des Parents d\u2019\u00e9l\u00e8ves de l\u2019Enseignement Libre.<\/p>\n\n\n\n<p>Cette association est ouverte \u00e0 tous les parents d\u2019\u00e9l\u00e8ves qui souhaitent organiser des manifestations afin de r\u00e9colter des fonds pour soutenir et aider les projets de l\u2019\u00e9cole et du coll\u00e8ge (sorties, voyages scolaires).<\/p>\n\n\n\n<p>Les membres de l\u2019association proposent chaque ann\u00e9e scolaire des activit\u00e9s, des soir\u00e9es, animations diverses &#8230; Par exemples : un LOTO, un concours de TAROT, un VIDE GRENIER&#8230;.<\/p>\n\n\n\n<p>Ils participent \u00e9galement \u00e0 la vie de l\u2019\u00e9tablissement avec un dialogue fr\u00e9quent entre le pr\u00e9sident, et les deux directeurs. Des parents d\u2019\u00e9l\u00e8ves de l\u2019APEL participent aux conseils de classe du coll\u00e8ge, en se faisant le relais avec tous les parents<\/p>\n\n\n\n<p><\/p>\n\n\n\n<p>Vous pouvez les contacter :  sacrecoeurvercelapel@gmail.com<\/p>\n\n\n\n<p>Une page Facebook au nom de l&rsquo;association APEL est accessible \u00e0 tous sous le nom:<\/p>\n\n\n\n<p><strong>Association de parents d&rsquo;\u00e9l\u00e8ves du groupe scolaire Sacr\u00e9 Coeur de Vercel<\/strong><\/p>\n\n\n\n<p><\/p>\n\n\n\n<p><br><\/p>\n","protected":false},"excerpt":{"rendered":"<p>L\u2019 APEL c\u2019est l\u2019Association des Parents d\u2019\u00e9l\u00e8ves de l\u2019Enseignement Libre. Cette association est ouverte \u00e0 tous les parents d\u2019\u00e9l\u00e8ves qui souhaitent organiser des manifestations afin de r\u00e9colter des fonds pour soutenir et aider les projets&#8230;<\/p>\n","protected":false},"author":2,"featured_media":0,"parent":0,"menu_order":0,"comment_status":"closed","ping_status":"closed","template":"","meta":[],"_links":{"self":[{"href":"https:\/\/www.sacrecoeurvercel.com\/index.php\/wp-json\/wp\/v2\/pages\/23"}],"collection":[{"href":"https:\/\/www.sacrecoeurvercel.com\/index.php\/wp-json\/wp\/v2\/pages"}],"about":[{"href":"https:\/\/www.sacrecoeurvercel.com\/index.php\/wp-json\/wp\/v2\/types\/page"}],"author":[{"embeddable":true,"href":"https:\/\/www.sacrecoeurvercel.com\/index.php\/wp-json\/wp\/v2\/users\/2"}],"replies":[{"embeddable":true,"href":"https:\/\/www.sacrecoeurvercel.com\/index.php\/wp-json\/wp\/v2\/comments?post=23"}],"version-history":[{"count":5,"href":"https:\/\/www.sacrecoeurvercel.com\/index.php\/wp-json\/wp\/v2\/pages\/23\/revisions"}],"predecessor-version":[{"id":2762,"href":"https:\/\/www.sacrecoeurvercel.com\/index.php\/wp-json\/wp\/v2\/pages\/23\/revisions\/2762"}],"wp:attachment":[{"href":"https:\/\/www.sacrecoeurvercel.com\/index.php\/wp-json\/wp\/v2\/media?parent=23"}],"curies":[{"name":"wp","href":"https:\/\/api.w.org\/{rel}","templated":true}]}}